{"id":1638,"date":"2019-08-26T21:23:19","date_gmt":"2019-08-26T19:23:19","guid":{"rendered":"https:\/\/www.barakabike.es\/?page_id=1638"},"modified":"2019-10-04T10:40:08","modified_gmt":"2019-10-04T08:40:08","slug":"gorostiza2019","status":"publish","type":"page","link":"https:\/\/www.barakabike.es\/eu\/gorostiza2019\/","title":{"rendered":"II Gorostiza XC Solidario"},"content":{"rendered":"<p><\/p>\n<p style=\"text-align: center;\"><a href=\"https:\/\/www.barakabike.es\/wp-content\/uploads\/2019\/09\/gorostiza-xc-2019_esp.jpeg\"><img loading=\"lazy\" decoding=\"async\" class=\"alignnone size-medium wp-image-1664\" src=\"https:\/\/www.barakabike.es\/wp-content\/uploads\/2019\/09\/gorostiza-xc-2019_esp-212x300.jpeg\" alt=\"\" width=\"212\" height=\"300\" srcset=\"https:\/\/www.barakabike.es\/wp-content\/uploads\/2019\/09\/gorostiza-xc-2019_esp-212x300.jpeg 212w, https:\/\/www.barakabike.es\/wp-content\/uploads\/2019\/09\/gorostiza-xc-2019_esp-768x1086.jpeg 768w, https:\/\/www.barakabike.es\/wp-content\/uploads\/2019\/09\/gorostiza-xc-2019_esp-724x1024.jpeg 724w, https:\/\/www.barakabike.es\/wp-content\/uploads\/2019\/09\/gorostiza-xc-2019_esp.jpeg 1169w\" sizes=\"auto, (max-width: 212px) 100vw, 212px\" \/><\/a><a href=\"https:\/\/www.barakabike.es\/wp-content\/uploads\/2019\/09\/gorostiza-xc-2019_eus.png\"><img loading=\"lazy\" decoding=\"async\" class=\"alignnone size-medium wp-image-1657\" src=\"https:\/\/www.barakabike.es\/wp-content\/uploads\/2019\/09\/gorostiza-xc-2019_eus-212x300.png\" alt=\"\" width=\"212\" height=\"300\" \/><\/a><\/p>\n<p><span style=\"font-weight: 400;\">El <\/span><b>Club Ciclista Baraka Bike<\/b><span style=\"font-weight: 400;\"> en colaboraci\u00f3n con el Ayuntamiento de Barakaldo, el I.M.D, y entidades patrocinadoras y colaboradoras organizan la prueba <\/span><strong>II GOROSTIZA XC &#8211; SOLIDARIO<\/strong><span style=\"font-weight: 400;\">\u00a0que tiene como objetivo fomentar la pr\u00e1ctica del deporte en bicicleta en plena naturaleza que el municipio ofrece a pocos kil\u00f3metros del n\u00facleo urbano. <\/span><\/p>\n<p><span style=\"font-weight: 400;\">El car\u00e1cter solidario de la prueba implica la gratuidad de \u00e9sta dejando a voluntad de los participantes la donaci\u00f3n de alimentos no perecederos para su posterior entrega a las organizaciones pertinentes. <\/span><\/p>\n<p><span style=\"font-weight: 400;\">Se pretende adem\u00e1s, que participe todo aquel que disfrute del ciclismo de monta\u00f1a, bien disfrutando del paisaje y del ambiente, bien compitiendo contra s\u00ed mismo, pero siempre respetando al resto de participantes, al entorno y a la organizaci\u00f3n.<\/span><\/p>\n<h2>BASES &#8220;II GOROSTIZA XC SOLIDARIO&#8221;<\/h2>\n<h3><strong>Parking<\/strong><\/h3>\n<p>Se recomienda aparcar en los espacios dedicados al parking evitando ocupar zonas no autorizadas. Se recomiendan los siguientes espacios <a href=\"https:\/\/telegra.ph\/II-GOROSTIZA-XC-SOLIDARIO-09-08\" target=\"_blank\" rel=\"noopener noreferrer\">(ver mapa)<\/a>:<\/p>\n<ul>\n<li>En el polideportivo de IMD-Gorostiza-UKE existen tres zonas de parking.<\/li>\n<li>En el barrio de Retuerto<\/li>\n<li>En el IES Gurutzeta del barrio de Cruces<\/li>\n<\/ul>\n<h3><b>Art\u00edculo 1 &#8211; Horarios, dorsales y circuito<\/b><\/h3>\n<p><span style=\"font-weight: 400;\">Este evento solidario tendr\u00e1 lugar el s\u00e1bado\u00a0<\/span><b>5 de octubre de 2019<\/b><span style=\"font-weight: 400;\"> en las campas de Gorostiza, en la localidad de Barakaldo (Bizkaia). \u00a0<\/span><a href=\"https:\/\/goo.gl\/maps\/vjVuKgZFd1k\"><span style=\"font-weight: 400;\">Ver en mapa.<\/span><\/a><\/p>\n<p><span style=\"font-weight: 400;\">La recogida de dorsales se abrir\u00e1 a las 8:30h, cerr\u00e1ndose la entrega para cada categor\u00eda media hora antes de su salida. <\/span><\/p>\n<p style=\"text-align: left;\"><span style=\"font-weight: 400;\">El recorrido ser\u00e1 diferente adaptado a cada categor\u00eda.<\/span><\/p>\n<p style=\"text-align: left;\"><span style=\"font-weight: 400;\">As\u00ed, se establecen seis categor\u00edas en funci\u00f3n de la edad del participante:<\/span><\/p>\n<p style=\"text-align: center;\"><strong><a href=\"https:\/\/telegra.ph\/II-GOROSTIZA-XC-SOLIDARIO-08-26\" target=\"_blank\" rel=\"noopener noreferrer\">Ver listado de grupos<\/a><\/strong><\/p>\n<p><strong>Los horarios de inicio de cada categor\u00eda son orientativos con la posibilidad de ser cambiados por la organizaci\u00f3n hasta el cierre de inscripciones:<\/strong><\/p>\n<ul>\n<li><b>Juveniles (2001-02)<\/b><span style=\"font-weight: 400;\">: 3 vueltas al circuito 1. <strong>Salida 09.30.<\/strong><\/span><\/li>\n<li><b>Cadetes (2003-04)<\/b><span style=\"font-weight: 400;\">: 2 vueltas al circuito 1. <strong>Salida 10.30.<\/strong><\/span><\/li>\n<li style=\"font-weight: 400;\"><b>Infantiles <\/b><b>(2005)<\/b><span style=\"font-weight: 400;\">: 3 vueltas al circuito 2. <strong>Salida 11.15.<\/strong><\/span><\/li>\n<li><b>Infantiles <\/b><b>(2006)<\/b><span style=\"font-weight: 400;\">: 2 vueltas al circuito 2. <strong>Salida 11.45.<\/strong><\/span><\/li>\n<li style=\"font-weight: 400;\"><b>Alevines (2007-08)<\/b><span style=\"font-weight: 400;\">: 3 vueltas al circuito 3. <strong>Salida 12.05.<\/strong><\/span><\/li>\n<li style=\"font-weight: 400;\"><b>Benjamines (2009-10<\/b><b>) Grupo 1<\/b><span style=\"font-weight: 400;\">: 3 vueltas al circuito 4. <strong>Salida 12.20.<\/strong><\/span><\/li>\n<li><b>Benjamines (2009-10<\/b><b>) Grupo 2<\/b><span style=\"font-weight: 400;\">: 3 vueltas al circuito 4. <strong>Salida 12.35.<\/strong><\/span><\/li>\n<li><b>Haurrak (2011-12) Grupo 1<\/b>:\u00a0 4 vueltas al circuito 5. <strong>Salida 12.50.<\/strong><\/li>\n<li><b>Haurrak (2011-12)Grupo 2<\/b>:\u00a0 4 vueltas al circuito 5. <strong>Salida 13.00.<\/strong><\/li>\n<li><b>Haurrak (2011-12) Grupo 3<\/b>:\u00a0 4 vueltas al circuito 5. <strong>Salida 13.10.<\/strong><\/li>\n<li style=\"font-weight: 400;\"><strong>6 y 5 a\u00f1os <\/strong><strong>(2013-14)<\/strong>:\u00a03 vueltas al circuito 5. <strong>Salida 13.20.<\/strong><\/li>\n<li style=\"font-weight: 400;\"><strong>4 y 3 a\u00f1os (2015-16)<\/strong>: 2 vueltas al circuito 5. <strong>Salida 13.30.<\/strong><\/li>\n<\/ul>\n<p>Al no ser una prueba de car\u00e1cter competitivo, los dorsales estar\u00e1n desprovistos de chips, por tanto no se dar\u00e1n los tiempos de cada corredor al finalizar los recorridos.<\/p>\n<h3><b>Art\u00edculo 2 &#8211; Bicicletas y casco<\/b><\/h3>\n<p><span style=\"font-weight: 400;\">La bicicleta a utilizar por los participantes deber\u00e1 ser de <\/span><i><span style=\"font-weight: 400;\">mountain bike<\/span><\/i><span style=\"font-weight: 400;\">, con o sin suspensi\u00f3n delantera o trasera; no admitiendose bicicletas de ciclocross o cualquier otra que no sea <\/span><i><span style=\"font-weight: 400;\">mountain bike<\/span><\/i><span style=\"font-weight: 400;\">.\u00a0<\/span><\/p>\n<p><span style=\"font-weight: 400;\">El uso del casco es totalmente obligatorio\u00a0sin excepci\u00f3n alguna para poder participar. Cualquier ciclista que incumpla esta norma no podr\u00e1 participar.<\/span><\/p>\n<p><span style=\"font-weight: 400;\">De igual modo ser\u00e1n descalificados aquellos ciclistas que:<\/span><\/p>\n<ul>\n<li style=\"font-weight: 400;\"><span style=\"font-weight: 400;\">No respeten el C\u00f3digo de Circulaci\u00f3n Vigente.<\/span><\/li>\n<li style=\"font-weight: 400;\"><span style=\"font-weight: 400;\">Ensucien o degraden el recorrido arrojando desperdicios.\u00a0<\/span><\/li>\n<li style=\"font-weight: 400;\"><span style=\"font-weight: 400;\">No respeten al resto de participantes.<\/span><\/li>\n<li style=\"font-weight: 400;\"><span style=\"font-weight: 400;\">Se comporten de tal manera que impidan el normal desarrollo de la prueba y que incumplan cualquier art\u00edculo de este reglamento.<\/span><\/li>\n<\/ul>\n<p><span style=\"font-weight: 400;\">La decisi\u00f3n de\u00a0la Organizaci\u00f3n\u00a0ante cualquier evento de esta \u00edndole ser\u00e1 inapelable.<\/span><\/p>\n<h3><b>Art\u00edculo 3\u00a0\u2013\u00a0Inscripciones gratuitas<\/b><\/h3>\n<p><span style=\"font-weight: 400;\">La inscripci\u00f3n\/autorizaci\u00f3n ser\u00e1 on line<\/span><b> hasta el viernes 4 de octubre a las 23:59h <\/b><span style=\"font-weight: 400;\">ser\u00e1 necesario rellenar un formulario por el\/la tutor\/a del\/a menor, mediante el siguiente formulario web:<\/span><\/p>\n<hr \/>\n<p style=\"text-align: center;\"><a href=\"https:\/\/goo.gl\/RuyB4a\" target=\"_blank\" rel=\"noopener noreferrer\"><b>FORMULARIO DE INSCRIPCI\u00d3N<\/b><\/a><\/p>\n<hr \/>\n<p><span style=\"font-weight: 400;\">Os animamos a inscribiros cuanto antes para evitar problemas de falta dorsales.<\/span><\/p>\n<p><span style=\"font-weight: 400;\">La inscripci\u00f3n no tendr\u00e1 ning\u00fan coste monetario, pero al ser una prueba de car\u00e1cter solidario se exigir\u00e1 una donaci\u00f3n de alimentos no perecederos que se posteriormente se entregar\u00e1n a la <a href=\"http:\/\/opendata.euskadi.eus\/asociacion\/asociacion-de-iniciativas-solidarias-nuestra-senora-del-carmen-de-barakaldo-soli\/w79-contdata\/es\/adjuntos\/x42tAsociacion.pdf\" target=\"_blank\" rel=\"noopener noreferrer\">Asociaci\u00f3n de Iniciativas Solidarias Nuestra Se\u00f1ora del Carmen de Barakaldo<\/a>.<\/span><\/p>\n<p><span style=\"font-weight: 400;\">Puedes ver la inscripci\u00f3n en este enlace<\/span><\/p>\n<hr \/>\n<p style=\"text-align: center;\"><a href=\"https:\/\/goo.gl\/7KsfSq\" target=\"_blank\" rel=\"noopener noreferrer\"><b>INSCRITOS<\/b><\/a><\/p>\n<hr \/>\n<p>&nbsp;<\/p>\n<h3><b>Art\u00edculo 4\u00a0\u2013\u00a0Voluntarios<\/b><\/h3>\n<p><span style=\"font-weight: 400;\">Entre los participantes habr\u00e1 voluntarios del Club que velar\u00e1n por el buen desarrollo de la prueba durante el recorrido de forma est\u00e1tica en puntos clave y acompa\u00f1ando a los participantes.<\/span><\/p>\n<h3><b>Art\u00edculo 5\u00a0\u2013 Avituallamiento\u00a0<\/b><\/h3>\n<p><span style=\"font-weight: 400;\">Estar\u00e1 situado en la zona de meta. Ser\u00e1 accesible para todos los inscritos antes y despu\u00e9s de la salida correspondiente. <\/span><span style=\"font-weight: 400;\">\u00a0<\/span><\/p>\n<p><span style=\"font-weight: 400;\">Adem\u00e1s se repartir\u00e1 agua a lo largo del circuito.<\/span><\/p>\n<h3><b>Art\u00edculo 6\u00a0&#8211;\u00a0Servicios<\/b><\/h3>\n<p>Se podr\u00e1n utilizar las duchas de los vestuarios del polideportivo IMD Gorostiza UKE.<\/p>\n<h3><b>Art\u00edculo 7\u00a0&#8211; Responsabilidad<\/b><\/h3>\n<p>El <b>Club Ciclista Baraka Bike<\/b> dispone de un seguro de responsabilidad civil y el d\u00eda de la prueba se dispondr\u00e1 de un seguro de accidentes por cada participante.<\/p>\n<p><span style=\"font-weight: 400;\">La Organizaci\u00f3n\u00a0no se hace responsable de los extrav\u00edos o aver\u00edas que pudiesen sufrir las bicicletas u otro equipamiento de los participantes.\u00a0<\/span><\/p>\n<h3><b>Art\u00edculo 8\u00a0&#8211; Derecho de admisi\u00f3n y modificaciones en las condiciones<\/b><\/h3>\n<p><span style=\"font-weight: 400;\">La Organizaci\u00f3n\u00a0se reserva el derecho de modificar todo lo relativo al recorrido, avituallamiento, regalos, etc., cuando lo estime necesario. <\/span><\/p>\n<p><span style=\"font-weight: 400;\">De igual modo se reserva el derecho de admisi\u00f3n.<\/span><\/p>\n<h3><b>Art\u00edculo 9\u00a0\u2013 Aceptaci\u00f3n<\/b><\/h3>\n<p><span style=\"font-weight: 400;\">El mero hecho de inscribirse en\u00a0la <\/span><strong>II GOROSTIZA XC SOLIDARIO <\/strong><span style=\"font-weight: 400;\">supone la aceptaci\u00f3n de este reglamento al completo, eximiendo a la organizaci\u00f3n de cualquier responsabilidad derivada de cualquier accidente o da\u00f1o del que pudiera ser causa o v\u00edctima el inscrito; de igual modo exime a la organizaci\u00f3n de la responsabilidad derivada de los gastos o las deudas que pudieran contraer los participantes durante la traves\u00eda, y de los extrav\u00edos o aver\u00edas que pudiesen sufrir las bicicletas u otro equipamiento de los participantes.<\/span><\/p>\n<!-- AddThis Advanced Settings generic via filter on the_content --><!-- AddThis Share Buttons generic via filter on the_content -->","protected":false},"excerpt":{"rendered":"<p>El Club Ciclista Baraka Bike en colaboraci\u00f3n con el Ayuntamiento de Barakaldo, el I.M.D, y entidades patrocinadoras y colaboradoras organizan la prueba II GOROSTIZA XC &#8211; SOLIDARIO\u00a0que tiene como objetivo fomentar la pr\u00e1ctica del deporte en bicicleta en plena naturaleza que el municipio ofrece a pocos kil\u00f3metros del n\u00facleo urbano. El car\u00e1cter solidario de la&hellip;<!-- AddThis Advanced Settings generic via filter on get_the_excerpt --><!-- AddThis Share Buttons generic via filter on get_the_excerpt --><\/p>\n","protected":false},"author":2,"featured_media":1665,"parent":0,"menu_order":0,"comment_status":"closed","ping_status":"closed","template":"","meta":{"footnotes":""},"class_list":["post-1638","page","type-page","status-publish","has-post-thumbnail","hentry"],"yoast_head":"<!-- This site is optimized with the Yoast SEO plugin v27.3 - https:\/\/yoast.com\/product\/yoast-seo-wordpress\/ -->\n<title>II Gorostiza XC Solidario -<\/title>\n<meta name=\"description\" content=\"II XC Gorostiza Solidario, evento ciclista para escuelas de ciclismo, ni\u00f1os y ni\u00f1as de 3 a 18 a\u00f1os\" \/>\n<meta name=\"robots\" content=\"index, follow, max-snippet:-1, max-image-preview:large, max-video-preview:-1\" \/>\n<link rel=\"canonical\" href=\"https:\/\/www.barakabike.es\/gorostiza2019\/\" \/>\n<meta property=\"og:locale\" content=\"en_US\" \/>\n<meta property=\"og:type\" content=\"article\" \/>\n<meta property=\"og:title\" content=\"II Gorostiza XC Solidario -\" \/>\n<meta property=\"og:description\" content=\"II XC Gorostiza Solidario, evento ciclista para escuelas de ciclismo, ni\u00f1os y ni\u00f1as de 3 a 18 a\u00f1os\" \/>\n<meta property=\"og:url\" content=\"https:\/\/www.barakabike.es\/gorostiza2019\/\" \/>\n<meta property=\"article:modified_time\" content=\"2019-10-04T08:40:08+00:00\" \/>\n<meta property=\"og:image\" content=\"https:\/\/www.barakabike.es\/wp-content\/uploads\/2019\/09\/gorostiza-xc-2019_eus.jpeg\" \/>\n\t<meta property=\"og:image:width\" content=\"1169\" \/>\n\t<meta property=\"og:image:height\" content=\"1653\" \/>\n\t<meta property=\"og:image:type\" content=\"image\/jpeg\" \/>\n<meta name=\"twitter:card\" content=\"summary_large_image\" \/>\n<meta name=\"twitter:label1\" content=\"Est. reading time\" \/>\n\t<meta name=\"twitter:data1\" content=\"9 minutua\" \/>\n<script type=\"application\/ld+json\" class=\"yoast-schema-graph\">{\"@context\":\"https:\\\/\\\/schema.org\",\"@graph\":[{\"@type\":\"WebPage\",\"@id\":\"https:\\\/\\\/www.barakabike.es\\\/gorostiza2019\\\/\",\"url\":\"https:\\\/\\\/www.barakabike.es\\\/gorostiza2019\\\/\",\"name\":\"II Gorostiza XC Solidario -\",\"isPartOf\":{\"@id\":\"https:\\\/\\\/www.barakabike.es\\\/#website\"},\"primaryImageOfPage\":{\"@id\":\"https:\\\/\\\/www.barakabike.es\\\/gorostiza2019\\\/#primaryimage\"},\"image\":{\"@id\":\"https:\\\/\\\/www.barakabike.es\\\/gorostiza2019\\\/#primaryimage\"},\"thumbnailUrl\":\"https:\\\/\\\/www.barakabike.es\\\/wp-content\\\/uploads\\\/2019\\\/09\\\/gorostiza-xc-2019_eus.jpeg\",\"datePublished\":\"2019-08-26T19:23:19+00:00\",\"dateModified\":\"2019-10-04T08:40:08+00:00\",\"description\":\"II XC Gorostiza Solidario, evento ciclista para escuelas de ciclismo, ni\u00f1os y ni\u00f1as de 3 a 18 a\u00f1os\",\"breadcrumb\":{\"@id\":\"https:\\\/\\\/www.barakabike.es\\\/gorostiza2019\\\/#breadcrumb\"},\"inLanguage\":\"eu\",\"potentialAction\":[{\"@type\":\"ReadAction\",\"target\":[\"https:\\\/\\\/www.barakabike.es\\\/gorostiza2019\\\/\"]}]},{\"@type\":\"ImageObject\",\"inLanguage\":\"eu\",\"@id\":\"https:\\\/\\\/www.barakabike.es\\\/gorostiza2019\\\/#primaryimage\",\"url\":\"https:\\\/\\\/www.barakabike.es\\\/wp-content\\\/uploads\\\/2019\\\/09\\\/gorostiza-xc-2019_eus.jpeg\",\"contentUrl\":\"https:\\\/\\\/www.barakabike.es\\\/wp-content\\\/uploads\\\/2019\\\/09\\\/gorostiza-xc-2019_eus.jpeg\",\"width\":1169,\"height\":1653},{\"@type\":\"BreadcrumbList\",\"@id\":\"https:\\\/\\\/www.barakabike.es\\\/gorostiza2019\\\/#breadcrumb\",\"itemListElement\":[{\"@type\":\"ListItem\",\"position\":1,\"name\":\"Portada\",\"item\":\"https:\\\/\\\/www.barakabike.es\\\/\"},{\"@type\":\"ListItem\",\"position\":2,\"name\":\"II Gorostiza XC Solidario\"}]},{\"@type\":\"WebSite\",\"@id\":\"https:\\\/\\\/www.barakabike.es\\\/#website\",\"url\":\"https:\\\/\\\/www.barakabike.es\\\/\",\"name\":\"\",\"description\":\"\",\"potentialAction\":[{\"@type\":\"SearchAction\",\"target\":{\"@type\":\"EntryPoint\",\"urlTemplate\":\"https:\\\/\\\/www.barakabike.es\\\/?s={search_term_string}\"},\"query-input\":{\"@type\":\"PropertyValueSpecification\",\"valueRequired\":true,\"valueName\":\"search_term_string\"}}],\"inLanguage\":\"eu\"}]}<\/script>\n<!-- \/ Yoast SEO plugin. -->","yoast_head_json":{"title":"II Gorostiza XC Solidario -","description":"II XC Gorostiza Solidario, evento ciclista para escuelas de ciclismo, ni\u00f1os y ni\u00f1as de 3 a 18 a\u00f1os","robots":{"index":"index","follow":"follow","max-snippet":"max-snippet:-1","max-image-preview":"max-image-preview:large","max-video-preview":"max-video-preview:-1"},"canonical":"https:\/\/www.barakabike.es\/gorostiza2019\/","og_locale":"en_US","og_type":"article","og_title":"II Gorostiza XC Solidario -","og_description":"II XC Gorostiza Solidario, evento ciclista para escuelas de ciclismo, ni\u00f1os y ni\u00f1as de 3 a 18 a\u00f1os","og_url":"https:\/\/www.barakabike.es\/gorostiza2019\/","article_modified_time":"2019-10-04T08:40:08+00:00","og_image":[{"width":1169,"height":1653,"url":"https:\/\/www.barakabike.es\/wp-content\/uploads\/2019\/09\/gorostiza-xc-2019_eus.jpeg","type":"image\/jpeg"}],"twitter_card":"summary_large_image","twitter_misc":{"Est. reading time":"9 minutua"},"schema":{"@context":"https:\/\/schema.org","@graph":[{"@type":"WebPage","@id":"https:\/\/www.barakabike.es\/gorostiza2019\/","url":"https:\/\/www.barakabike.es\/gorostiza2019\/","name":"II Gorostiza XC Solidario -","isPartOf":{"@id":"https:\/\/www.barakabike.es\/#website"},"primaryImageOfPage":{"@id":"https:\/\/www.barakabike.es\/gorostiza2019\/#primaryimage"},"image":{"@id":"https:\/\/www.barakabike.es\/gorostiza2019\/#primaryimage"},"thumbnailUrl":"https:\/\/www.barakabike.es\/wp-content\/uploads\/2019\/09\/gorostiza-xc-2019_eus.jpeg","datePublished":"2019-08-26T19:23:19+00:00","dateModified":"2019-10-04T08:40:08+00:00","description":"II XC Gorostiza Solidario, evento ciclista para escuelas de ciclismo, ni\u00f1os y ni\u00f1as de 3 a 18 a\u00f1os","breadcrumb":{"@id":"https:\/\/www.barakabike.es\/gorostiza2019\/#breadcrumb"},"inLanguage":"eu","potentialAction":[{"@type":"ReadAction","target":["https:\/\/www.barakabike.es\/gorostiza2019\/"]}]},{"@type":"ImageObject","inLanguage":"eu","@id":"https:\/\/www.barakabike.es\/gorostiza2019\/#primaryimage","url":"https:\/\/www.barakabike.es\/wp-content\/uploads\/2019\/09\/gorostiza-xc-2019_eus.jpeg","contentUrl":"https:\/\/www.barakabike.es\/wp-content\/uploads\/2019\/09\/gorostiza-xc-2019_eus.jpeg","width":1169,"height":1653},{"@type":"BreadcrumbList","@id":"https:\/\/www.barakabike.es\/gorostiza2019\/#breadcrumb","itemListElement":[{"@type":"ListItem","position":1,"name":"Portada","item":"https:\/\/www.barakabike.es\/"},{"@type":"ListItem","position":2,"name":"II Gorostiza XC Solidario"}]},{"@type":"WebSite","@id":"https:\/\/www.barakabike.es\/#website","url":"https:\/\/www.barakabike.es\/","name":"","description":"","potentialAction":[{"@type":"SearchAction","target":{"@type":"EntryPoint","urlTemplate":"https:\/\/www.barakabike.es\/?s={search_term_string}"},"query-input":{"@type":"PropertyValueSpecification","valueRequired":true,"valueName":"search_term_string"}}],"inLanguage":"eu"}]}},"_links":{"self":[{"href":"https:\/\/www.barakabike.es\/eu\/wp-json\/wp\/v2\/pages\/1638","targetHints":{"allow":["GET"]}}],"collection":[{"href":"https:\/\/www.barakabike.es\/eu\/wp-json\/wp\/v2\/pages"}],"about":[{"href":"https:\/\/www.barakabike.es\/eu\/wp-json\/wp\/v2\/types\/page"}],"author":[{"embeddable":true,"href":"https:\/\/www.barakabike.es\/eu\/wp-json\/wp\/v2\/users\/2"}],"replies":[{"embeddable":true,"href":"https:\/\/www.barakabike.es\/eu\/wp-json\/wp\/v2\/comments?post=1638"}],"version-history":[{"count":0,"href":"https:\/\/www.barakabike.es\/eu\/wp-json\/wp\/v2\/pages\/1638\/revisions"}],"wp:featuredmedia":[{"embeddable":true,"href":"https:\/\/www.barakabike.es\/eu\/wp-json\/wp\/v2\/media\/1665"}],"wp:attachment":[{"href":"https:\/\/www.barakabike.es\/eu\/wp-json\/wp\/v2\/media?parent=1638"}],"curies":[{"name":"wp","href":"https:\/\/api.w.org\/{rel}","templated":true}]}}